{"id":6446,"date":"2023-10-30T16:44:10","date_gmt":"2023-10-30T16:44:10","guid":{"rendered":"https:\/\/www.maldingen.be\/?page_id=6446"},"modified":"2026-03-14T11:14:51","modified_gmt":"2026-03-14T11:14:51","slug":"pfarrbrief","status":"publish","type":"page","link":"https:\/\/www.maldingen.be\/index.php\/aktuelles\/pfarrbrief\/","title":{"rendered":"Pfarrbrief"},"content":{"rendered":"\t\t<div data-elementor-type=\"wp-page\" data-elementor-id=\"6446\" class=\"elementor elementor-6446\">\n\t\t\t\t<div class=\"elementor-element elementor-element-67acb8c e-con-full e-flex e-con e-parent\" data-id=\"67acb8c\" data-element_type=\"container\" data-e-type=\"container\">\n\t\t\t\t<div class=\"elementor-element elementor-element-d5b45df elementor-widget__width-initial elementor-widget elementor-widget-image\" data-id=\"d5b45df\" data-element_type=\"widget\" data-e-type=\"widget\" data-widget_type=\"image.default\">\n\t\t\t\t<div class=\"elementor-widget-container\">\n\t\t\t\t\t\t\t\t\t\t\t\t\t\t\t<img fetchpriority=\"high\" decoding=\"async\" width=\"300\" height=\"261\" src=\"https:\/\/www.maldingen.be\/wp-content\/uploads\/2023\/11\/Pfarrbrief-Logo-300x261.png\" class=\"attachment-medium size-medium wp-image-6897\" alt=\"\" srcset=\"https:\/\/www.maldingen.be\/wp-content\/uploads\/2023\/11\/Pfarrbrief-Logo-300x261.png 300w, https:\/\/www.maldingen.be\/wp-content\/uploads\/2023\/11\/Pfarrbrief-Logo.png 613w\" sizes=\"(max-width: 300px) 100vw, 300px\" \/>\t\t\t\t\t\t\t\t\t\t\t\t\t\t\t<\/div>\n\t\t\t\t<\/div>\n\t\t<div class=\"elementor-element elementor-element-0bfc25a e-con-full e-flex e-con e-child\" data-id=\"0bfc25a\" data-element_type=\"container\" data-e-type=\"container\">\n\t\t\t\t<div class=\"elementor-element elementor-element-cbf4226 elementor-align-center elementor-widget elementor-widget-button\" data-id=\"cbf4226\" data-element_type=\"widget\" data-e-type=\"widget\" data-widget_type=\"button.default\">\n\t\t\t\t<div class=\"elementor-widget-container\">\n\t\t\t\t\t\t\t\t\t<div class=\"elementor-button-wrapper\">\n\t\t\t\t\t<a class=\"elementor-button elementor-button-link elementor-size-sm\" href=\"https:\/\/www.maldingen.be\/wp-content\/uploads\/2026\/01\/Intentionen-Februar-2026.pdf\">\n\t\t\t\t\t\t<span class=\"elementor-button-content-wrapper\">\n\t\t\t\t\t\t\t\t\t<span class=\"elementor-button-text\">Messen Februar 2026<\/span>\n\t\t\t\t\t<\/span>\n\t\t\t\t\t<\/a>\n\t\t\t\t<\/div>\n\t\t\t\t\t\t\t\t<\/div>\n\t\t\t\t<\/div>\n\t\t\t\t<div class=\"elementor-element elementor-element-7127070 elementor-align-center elementor-widget elementor-widget-button\" data-id=\"7127070\" data-element_type=\"widget\" data-e-type=\"widget\" data-widget_type=\"button.default\">\n\t\t\t\t<div class=\"elementor-widget-container\">\n\t\t\t\t\t\t\t\t\t<div class=\"elementor-button-wrapper\">\n\t\t\t\t\t<a class=\"elementor-button elementor-button-link elementor-size-sm\" href=\"https:\/\/www.maldingen.be\/wp-content\/uploads\/2026\/01\/Mitteilungen-Februar-2026.pdf\">\n\t\t\t\t\t\t<span class=\"elementor-button-content-wrapper\">\n\t\t\t\t\t\t\t\t\t<span class=\"elementor-button-text\">Mitteilungen Februar 2026<\/span>\n\t\t\t\t\t<\/span>\n\t\t\t\t\t<\/a>\n\t\t\t\t<\/div>\n\t\t\t\t\t\t\t\t<\/div>\n\t\t\t\t<\/div>\n\t\t\t\t<div class=\"elementor-element elementor-element-8b6e862 elementor-align-center elementor-widget elementor-widget-button\" data-id=\"8b6e862\" data-element_type=\"widget\" data-e-type=\"widget\" data-widget_type=\"button.default\">\n\t\t\t\t<div class=\"elementor-widget-container\">\n\t\t\t\t\t\t\t\t\t<div class=\"elementor-button-wrapper\">\n\t\t\t\t\t<a class=\"elementor-button elementor-button-link elementor-size-sm\" href=\"https:\/\/www.maldingen.be\/wp-content\/uploads\/2026\/01\/Pfarrbrief-Februar-2026.pdf\">\n\t\t\t\t\t\t<span class=\"elementor-button-content-wrapper\">\n\t\t\t\t\t\t\t\t\t<span class=\"elementor-button-text\">Titelseite Februar 2026<\/span>\n\t\t\t\t\t<\/span>\n\t\t\t\t\t<\/a>\n\t\t\t\t<\/div>\n\t\t\t\t\t\t\t\t<\/div>\n\t\t\t\t<\/div>\n\t\t\t\t<\/div>\n\t\t<div class=\"elementor-element elementor-element-4aa02fc e-con-full e-flex e-con e-child\" data-id=\"4aa02fc\" data-element_type=\"container\" data-e-type=\"container\">\n\t\t\t\t<div class=\"elementor-element elementor-element-7ead957 elementor-widget elementor-widget-button\" data-id=\"7ead957\" data-element_type=\"widget\" data-e-type=\"widget\" data-widget_type=\"button.default\">\n\t\t\t\t<div class=\"elementor-widget-container\">\n\t\t\t\t\t\t\t\t\t<div class=\"elementor-button-wrapper\">\n\t\t\t\t\t<a class=\"elementor-button elementor-button-link elementor-size-sm\" href=\"https:\/\/www.maldingen.be\/wp-content\/uploads\/2026\/03\/Intentionen-202603.pdf\" target=\"_blank\">\n\t\t\t\t\t\t<span class=\"elementor-button-content-wrapper\">\n\t\t\t\t\t\t\t\t\t<span class=\"elementor-button-text\">Messen M\u00e4rz 2026<\/span>\n\t\t\t\t\t<\/span>\n\t\t\t\t\t<\/a>\n\t\t\t\t<\/div>\n\t\t\t\t\t\t\t\t<\/div>\n\t\t\t\t<\/div>\n\t\t\t\t<div class=\"elementor-element elementor-element-41c1203 elementor-widget elementor-widget-button\" data-id=\"41c1203\" data-element_type=\"widget\" data-e-type=\"widget\" data-widget_type=\"button.default\">\n\t\t\t\t<div class=\"elementor-widget-container\">\n\t\t\t\t\t\t\t\t\t<div class=\"elementor-button-wrapper\">\n\t\t\t\t\t<a class=\"elementor-button elementor-button-link elementor-size-sm\" href=\"https:\/\/www.maldingen.be\/wp-content\/uploads\/2026\/03\/Mitteilungen-202603.pdf\" target=\"_blank\">\n\t\t\t\t\t\t<span class=\"elementor-button-content-wrapper\">\n\t\t\t\t\t\t\t\t\t<span class=\"elementor-button-text\">Mitteilungen M\u00e4rz 2026<\/span>\n\t\t\t\t\t<\/span>\n\t\t\t\t\t<\/a>\n\t\t\t\t<\/div>\n\t\t\t\t\t\t\t\t<\/div>\n\t\t\t\t<\/div>\n\t\t\t\t<div class=\"elementor-element elementor-element-10ca5a8 elementor-widget elementor-widget-button\" data-id=\"10ca5a8\" data-element_type=\"widget\" data-e-type=\"widget\" data-widget_type=\"button.default\">\n\t\t\t\t<div class=\"elementor-widget-container\">\n\t\t\t\t\t\t\t\t\t<div class=\"elementor-button-wrapper\">\n\t\t\t\t\t<a class=\"elementor-button elementor-button-link elementor-size-sm\" href=\"https:\/\/www.maldingen.be\/wp-content\/uploads\/2026\/03\/Pfarrbrief-202603.pdf\" target=\"_blank\">\n\t\t\t\t\t\t<span class=\"elementor-button-content-wrapper\">\n\t\t\t\t\t\t\t\t\t<span class=\"elementor-button-text\">Titelseite M\u00e4rz 2026<\/span>\n\t\t\t\t\t<\/span>\n\t\t\t\t\t<\/a>\n\t\t\t\t<\/div>\n\t\t\t\t\t\t\t\t<\/div>\n\t\t\t\t<\/div>\n\t\t\t\t<\/div>\n\t\t\t\t<\/div>\n\t\t<div class=\"elementor-element elementor-element-8f960c6 e-flex e-con-boxed e-con e-parent\" data-id=\"8f960c6\" data-element_type=\"container\" data-e-type=\"container\">\n\t\t\t\t\t<div class=\"e-con-inner\">\n\t\t\t\t<div class=\"elementor-element elementor-element-6a2a1f5 elementor-align-center elementor-widget elementor-widget-button\" data-id=\"6a2a1f5\" data-element_type=\"widget\" data-e-type=\"widget\" data-widget_type=\"button.default\">\n\t\t\t\t<div class=\"elementor-widget-container\">\n\t\t\t\t\t\t\t\t\t<div class=\"elementor-button-wrapper\">\n\t\t\t\t\t<a class=\"elementor-button elementor-button-link elementor-size-sm\" href=\"https:\/\/www.maldingen.be\/wp-content\/uploads\/2025\/11\/Lose-Verkauf-A5-Burg-Reuland.pdf\">\n\t\t\t\t\t\t<span class=\"elementor-button-content-wrapper\">\n\t\t\t\t\t\t\t\t\t<span class=\"elementor-button-text\">Losverkauf \"Lourdes-Verlosung\"<\/span>\n\t\t\t\t\t<\/span>\n\t\t\t\t\t<\/a>\n\t\t\t\t<\/div>\n\t\t\t\t\t\t\t\t<\/div>\n\t\t\t\t<\/div>\n\t\t\t\t\t<\/div>\n\t\t\t\t<\/div>\n\t\t<div class=\"elementor-element elementor-element-9ebd7c2 e-flex e-con-boxed e-con e-parent\" data-id=\"9ebd7c2\" data-element_type=\"container\" data-e-type=\"container\">\n\t\t\t\t\t<div class=\"e-con-inner\">\n\t\t\t\t<div class=\"elementor-element elementor-element-8244445 elementor-widget-divider--view-line elementor-widget elementor-widget-divider\" data-id=\"8244445\" data-element_type=\"widget\" data-e-type=\"widget\" data-widget_type=\"divider.default\">\n\t\t\t\t<div class=\"elementor-widget-container\">\n\t\t\t\t\t\t\t<div class=\"elementor-divider\">\n\t\t\t<span class=\"elementor-divider-separator\">\n\t\t\t\t\t\t<\/span>\n\t\t<\/div>\n\t\t\t\t\t\t<\/div>\n\t\t\t\t<\/div>\n\t\t\t\t\t<\/div>\n\t\t\t\t<\/div>\n\t\t<div class=\"elementor-element elementor-element-6e3bcf9 e-flex e-con-boxed e-con e-parent\" data-id=\"6e3bcf9\" data-element_type=\"container\" data-e-type=\"container\">\n\t\t\t\t\t<div class=\"e-con-inner\">\n\t\t\t\t<div class=\"elementor-element elementor-element-5a70913 elementor-widget elementor-widget-heading\" data-id=\"5a70913\" data-element_type=\"widget\" data-e-type=\"widget\" data-widget_type=\"heading.default\">\n\t\t\t\t<div class=\"elementor-widget-container\">\n\t\t\t\t\t<h2 class=\"elementor-heading-title elementor-size-medium\">Kirchenfabrikrat<\/h2>\t\t\t\t<\/div>\n\t\t\t\t<\/div>\n\t\t\t\t\t<\/div>\n\t\t\t\t<\/div>\n\t\t<div class=\"elementor-element elementor-element-ac6a0a9 e-flex e-con-boxed e-con e-parent\" data-id=\"ac6a0a9\" data-element_type=\"container\" data-e-type=\"container\">\n\t\t\t\t\t<div class=\"e-con-inner\">\n\t\t\t\t<div class=\"elementor-element elementor-element-dbc62a9 elementor-widget elementor-widget-text-editor\" data-id=\"dbc62a9\" data-element_type=\"widget\" data-e-type=\"widget\" data-widget_type=\"text-editor.default\">\n\t\t\t\t<div class=\"elementor-widget-container\">\n\t\t\t\t\t\t\t\t\t<h2 data-zpfieldname=\"headline\">Kirchenfabrikrat Aldringen-Braunlauf-Maldingen-Weisten<\/h2><table cellspacing=\"0\" cellpadding=\"2\"><tbody><tr><td colspan=\"2\">\u00a0<\/td><\/tr><tr><td><strong>Vertreter der Pfarrei<\/strong><\/td><td>Pastor Johann Baptist HACK<br \/>Auf der Ley, Oudler, 9<br \/>4790 BURG-REULAND<br \/><strong>Tel. :<\/strong> 080\/32 90 92<br \/><strong>E-Mail :<\/strong><a>\u00a0batty.hack@skynet.be<\/a><\/td><\/tr><tr><td><strong>Rendant<\/strong><\/td><td>Sch\u00fcr Alain<br \/>Martinusstra\u00dfe, Aldringen, 25<br \/>4790 Burg-Reuland<br \/><strong>Tel. :<\/strong> 080\/64 35 82<br \/><strong>E-Mail :<\/strong><a>alain.schuer@ymail.com<\/a><\/td><\/tr><tr><td><strong>Pr\u00e4sident<\/strong><\/td><td>Stellmann Blasius<br \/>Schulstra\u00dfe, Aldringen, 43<br \/>4790 BURG-REULAND<br \/><strong>Tel. :<\/strong> 080\/22 77 69<\/td><\/tr><tr><td><strong>Sekret\u00e4r<\/strong><\/td><td>Scheuren Eug\u00e8ne<br \/>Crombacher Stra\u00dfe, Braunlauf, 28<br \/>4790 Burg-Reuland<br \/>Handy : 0475\/91 97 85<\/td><\/tr><tr><td><strong>Beisitzer<\/strong><\/td><td><p>Lenges Rudolf<br \/>Wittemstra\u00dfe, Maldingen, 7<br \/>4790 BURG-REULAND<br \/><strong>Tel. :<\/strong> 080\/22 94 64<\/p><p>Ilten Werner<br \/>Am Bahndamm, Weisten, 9<br \/>4790 Burg-Reuland<br \/><strong>Tel. : <\/strong>080\/22 90 72<\/p><\/td><\/tr><\/tbody><\/table><div id=\"simple-translate\" class=\"simple-translate-system-theme\"><div><div class=\"simple-translate-button isShow\" style=\"background-image: url('moz-extension:\/\/2a906298-1a79-46da-ac1f-3023fa08a3ad\/icons\/512.png'); height: 22px; width: 22px; top: 23px; left: 2px;\">\u00a0<\/div><div class=\"simple-translate-panel \" style=\"width: 300px; height: 200px; top: 0px; left: 0px; font-size: 13px;\"><div class=\"simple-translate-result-wrapper\" style=\"overflow: hidden;\"><div class=\"simple-translate-move\" draggable=\"true\">\u00a0<\/div><div class=\"simple-translate-result-contents\"><p class=\"simple-translate-result\" dir=\"auto\">\u00a0<\/p><p class=\"simple-translate-candidate\" dir=\"auto\">\u00a0<\/p><\/div><\/div><\/div><\/div><\/div>\t\t\t\t\t\t\t\t<\/div>\n\t\t\t\t<\/div>\n\t\t\t\t\t<\/div>\n\t\t\t\t<\/div>\n\t\t<div class=\"elementor-element elementor-element-864adf1 e-flex e-con-boxed e-con e-parent\" data-id=\"864adf1\" data-element_type=\"container\" data-e-type=\"container\">\n\t\t\t\t\t<div class=\"e-con-inner\">\n\t\t\t\t\t<\/div>\n\t\t\t\t<\/div>\n\t\t\t\t<\/div>\n\t\t","protected":false},"excerpt":{"rendered":"<p>Messen Februar 2026 Mitteilungen Februar 2026 Titelseite Februar 2026 Messen M\u00e4rz 2026 Mitteilungen M\u00e4rz 2026 Titelseite M\u00e4rz 2026 Losverkauf &#8220;Lourdes-Verlosung&#8221; Kirchenfabrikrat Kirchenfabrikrat Aldringen-Braunlauf-Maldingen-Weisten \u00a0 Vertreter der Pfarrei Pastor Johann Baptist HACKAuf der Ley, Oudler, 94790 BURG-REULANDTel. : 080\/32 90 92E-Mail :\u00a0batty.hack@skynet.be Rendant Sch\u00fcr AlainMartinusstra\u00dfe, Aldringen, 254790 Burg-ReulandTel. : 080\/64 35 82E-Mail :alain.schuer@ymail.com Pr\u00e4sident Stellmann BlasiusSchulstra\u00dfe, &hellip;<\/p>\n","protected":false},"author":1,"featured_media":0,"parent":4897,"menu_order":0,"comment_status":"closed","ping_status":"closed","template":"template-fullwidth.php","meta":{"_mc_calendar":[],"footnotes":""},"class_list":["post-6446","page","type-page","status-publish","hentry"],"_links":{"self":[{"href":"https:\/\/www.maldingen.be\/index.php\/wp-json\/wp\/v2\/pages\/6446","targetHints":{"allow":["GET"]}}],"collection":[{"href":"https:\/\/www.maldingen.be\/index.php\/wp-json\/wp\/v2\/pages"}],"about":[{"href":"https:\/\/www.maldingen.be\/index.php\/wp-json\/wp\/v2\/types\/page"}],"author":[{"embeddable":true,"href":"https:\/\/www.maldingen.be\/index.php\/wp-json\/wp\/v2\/users\/1"}],"replies":[{"embeddable":true,"href":"https:\/\/www.maldingen.be\/index.php\/wp-json\/wp\/v2\/comments?post=6446"}],"version-history":[{"count":262,"href":"https:\/\/www.maldingen.be\/index.php\/wp-json\/wp\/v2\/pages\/6446\/revisions"}],"predecessor-version":[{"id":8596,"href":"https:\/\/www.maldingen.be\/index.php\/wp-json\/wp\/v2\/pages\/6446\/revisions\/8596"}],"up":[{"embeddable":true,"href":"https:\/\/www.maldingen.be\/index.php\/wp-json\/wp\/v2\/pages\/4897"}],"wp:attachment":[{"href":"https:\/\/www.maldingen.be\/index.php\/wp-json\/wp\/v2\/media?parent=6446"}],"curies":[{"name":"wp","href":"https:\/\/api.w.org\/{rel}","templated":true}]}}