{"id":6822,"date":"2023-11-03T13:41:32","date_gmt":"2023-11-03T13:41:32","guid":{"rendered":"https:\/\/www.maldingen.be\/?page_id=6822"},"modified":"2023-11-22T20:22:43","modified_gmt":"2023-11-22T20:22:43","slug":"karneval-2-2","status":"publish","type":"page","link":"https:\/\/www.maldingen.be\/index.php\/brauchtum-2\/karneval-2-2\/","title":{"rendered":"Karneval"},"content":{"rendered":"\t\t<div data-elementor-type=\"wp-page\" data-elementor-id=\"6822\" class=\"elementor elementor-6822\">\n\t\t\t\t<div class=\"elementor-element elementor-element-c43d37e e-flex e-con-boxed e-con e-parent\" data-id=\"c43d37e\" data-element_type=\"container\" data-e-type=\"container\">\n\t\t\t\t\t<div class=\"e-con-inner\">\n\t\t<div class=\"elementor-element elementor-element-4e86c45 e-con-full e-flex e-con e-child\" data-id=\"4e86c45\" data-element_type=\"container\" data-e-type=\"container\">\n\t\t\t\t<\/div>\n\t\t<div class=\"elementor-element elementor-element-982cce3 e-con-full e-flex e-con e-child\" data-id=\"982cce3\" data-element_type=\"container\" data-e-type=\"container\">\n\t\t\t\t<div class=\"elementor-element elementor-element-34bbd9b elementor-widget elementor-widget-text-editor\" data-id=\"34bbd9b\" data-element_type=\"widget\" data-e-type=\"widget\" data-widget_type=\"text-editor.default\">\n\t\t\t\t<div class=\"elementor-widget-container\">\n\t\t\t\t\t\t\t\t\t<p>Nach einem gemeinsamen Fr\u00fchst\u00fcck besuchen die Maldinger M\u00f6hnen die Kinder in der Dorfschule. Dann gehts zur Gemeinde, wo der Gemeindeschl\u00fcssel an die Oberm\u00f6hn \u00fcberreicht wird.<\/p><div id=\"ConnectiveDocSignExtentionInstalled\" data-extension-version=\"1.0.4\">\u00a0<\/div>\t\t\t\t\t\t\t\t<\/div>\n\t\t\t\t<\/div>\n\t\t\t\t<\/div>\n\t\t\t\t\t<\/div>\n\t\t\t\t<\/div>\n\t\t<div class=\"elementor-element elementor-element-f9dd72f e-flex e-con-boxed e-con e-parent\" data-id=\"f9dd72f\" data-element_type=\"container\" data-e-type=\"container\">\n\t\t\t\t\t<div class=\"e-con-inner\">\n\t\t<div class=\"elementor-element elementor-element-9a00b4c e-con-full e-flex e-con e-child\" data-id=\"9a00b4c\" data-element_type=\"container\" data-e-type=\"container\">\n\t\t\t\t<\/div>\n\t\t<div class=\"elementor-element elementor-element-56242de e-con-full e-flex e-con e-child\" data-id=\"56242de\" data-element_type=\"container\" data-e-type=\"container\">\n\t\t\t\t<div class=\"elementor-element elementor-element-ff2b274 elementor-widget elementor-widget-text-editor\" data-id=\"ff2b274\" data-element_type=\"widget\" data-e-type=\"widget\" data-widget_type=\"text-editor.default\">\n\t\t\t\t<div class=\"elementor-widget-container\">\n\t\t\t\t\t\t\t\t\t<p>Am Karnevalssonntag findet der traditionelle Karnevalsumzug statt mit anschliessender Karnevalsparty im Saal &#8220;An der Bahn&#8221;.<\/p><div id=\"ConnectiveDocSignExtentionInstalled\" data-extension-version=\"1.0.4\">\u00a0<\/div>\t\t\t\t\t\t\t\t<\/div>\n\t\t\t\t<\/div>\n\t\t\t\t<\/div>\n\t\t\t\t\t<\/div>\n\t\t\t\t<\/div>\n\t\t\t\t<\/div>\n\t\t","protected":false},"excerpt":{"rendered":"<p>Nach einem gemeinsamen Fr\u00fchst\u00fcck besuchen die Maldinger M\u00f6hnen die Kinder in der Dorfschule. Dann gehts zur Gemeinde, wo der Gemeindeschl\u00fcssel an die Oberm\u00f6hn \u00fcberreicht wird. \u00a0 Am Karnevalssonntag findet der traditionelle Karnevalsumzug statt mit anschliessender Karnevalsparty im Saal &#8220;An der Bahn&#8221;. \u00a0<\/p>\n","protected":false},"author":1,"featured_media":0,"parent":6809,"menu_order":0,"comment_status":"closed","ping_status":"closed","template":"template-fullwidth.php","meta":{"_mc_calendar":[],"footnotes":""},"class_list":["post-6822","page","type-page","status-publish","hentry"],"_links":{"self":[{"href":"https:\/\/www.maldingen.be\/index.php\/wp-json\/wp\/v2\/pages\/6822","targetHints":{"allow":["GET"]}}],"collection":[{"href":"https:\/\/www.maldingen.be\/index.php\/wp-json\/wp\/v2\/pages"}],"about":[{"href":"https:\/\/www.maldingen.be\/index.php\/wp-json\/wp\/v2\/types\/page"}],"author":[{"embeddable":true,"href":"https:\/\/www.maldingen.be\/index.php\/wp-json\/wp\/v2\/users\/1"}],"replies":[{"embeddable":true,"href":"https:\/\/www.maldingen.be\/index.php\/wp-json\/wp\/v2\/comments?post=6822"}],"version-history":[{"count":11,"href":"https:\/\/www.maldingen.be\/index.php\/wp-json\/wp\/v2\/pages\/6822\/revisions"}],"predecessor-version":[{"id":7147,"href":"https:\/\/www.maldingen.be\/index.php\/wp-json\/wp\/v2\/pages\/6822\/revisions\/7147"}],"up":[{"embeddable":true,"href":"https:\/\/www.maldingen.be\/index.php\/wp-json\/wp\/v2\/pages\/6809"}],"wp:attachment":[{"href":"https:\/\/www.maldingen.be\/index.php\/wp-json\/wp\/v2\/media?parent=6822"}],"curies":[{"name":"wp","href":"https:\/\/api.w.org\/{rel}","templated":true}]}}